{"id":468,"date":"2019-12-17T14:59:01","date_gmt":"2019-12-17T13:59:01","guid":{"rendered":"https:\/\/hotel-im-ried.de\/datenschutz\/"},"modified":"2023-06-18T21:08:22","modified_gmt":"2023-06-18T19:08:22","slug":"privacy-policy","status":"publish","type":"page","link":"https:\/\/hotel-im-ried.de\/en\/privacy-policy\/","title":{"rendered":"Privacy policy"},"content":{"rendered":"\n<style type=\"text\/css\" data-created_by=\"avia_inline_auto\" id=\"style-css-av-k4a0ybls-2910fbe4af37b8ffa701e281d47d337d\">\n.avia-section.av-k4a0ybls-2910fbe4af37b8ffa701e281d47d337d{\nbackground-repeat:no-repeat;\nbackground-image:url(https:\/\/hotel-im-ried.de\/wp-content\/uploads\/2019\/12\/page-head.jpg);\nbackground-position:50% 50%;\nbackground-attachment:scroll;\n}\n<\/style>\n<div id='page-title'  class='avia-section av-k4a0ybls-2910fbe4af37b8ffa701e281d47d337d alternate_color avia-section-default avia-no-border-styling  avia-builder-el-0  el_before_av_section  avia-builder-el-first  avia-full-stretch avia-bg-style-scroll container_wrap fullsize'  data-section-bg-repeat='stretch'><div class='container av-section-cont-open' ><main  role=\"main\" itemprop=\"mainContentOfPage\"  class='template-page content  av-content-full alpha units'><div class='post-entry post-entry-type-page post-entry-468'><div class='entry-content-wrapper clearfix'>\n\n<style type=\"text\/css\" data-created_by=\"avia_inline_auto\" id=\"style-css-av-k4a3jfz5-b90a183d3b06c660727c7126abfd8820\">\n#top .av-special-heading.av-k4a3jfz5-b90a183d3b06c660727c7126abfd8820{\npadding-bottom:10px;\n}\nbody .av-special-heading.av-k4a3jfz5-b90a183d3b06c660727c7126abfd8820 .av-special-heading-tag .heading-char{\nfont-size:25px;\n}\n.av-special-heading.av-k4a3jfz5-b90a183d3b06c660727c7126abfd8820 .av-subheading{\nfont-size:15px;\n}\n<\/style>\n<div  class='av-special-heading av-k4a3jfz5-b90a183d3b06c660727c7126abfd8820 av-special-heading-h1 blockquote modern-quote  avia-builder-el-1  avia-builder-el-no-sibling  av-linked-heading'><h1 class='av-special-heading-tag '  itemprop=\"headline\"  >Privacy policy<\/h1><div class=\"special-heading-border\"><div class=\"special-heading-inner-border\"><\/div><\/div><\/div>\n<\/div><\/div><\/main><!-- close content main element --><\/div><\/div><div id='av_section_2'  class='avia-section av-3etr-eb7c57fa0392cf3a5fd899180980afe2 main_color avia-section-default avia-no-border-styling  avia-builder-el-2  el_after_av_section  avia-builder-el-last  avia-bg-style-scroll container_wrap fullsize'  ><div class='container av-section-cont-open' ><div class='template-page content  av-content-full alpha units'><div class='post-entry post-entry-type-page post-entry-468'><div class='entry-content-wrapper clearfix'>\n<section  class='av_textblock_section av-k4a3jbyx-08e9ef5b0d9e0366c456a8684b437d0d '   itemscope=\"itemscope\" itemtype=\"https:\/\/schema.org\/CreativeWork\" ><div class='avia_textblock'  itemprop=\"text\" ><p>Die Betreiber dieser Seiten nehmen den Schutz Ihrer pers\u00f6nlichen Daten sehr ernst. Wir behandeln Ihre personenbezogenen Daten vertraulich und entsprechend der gesetzlichen Datenschutzvorschriften sowie dieser Datenschutzerkl\u00e4rung. Die Nutzung unserer Webseite ist in der Regel ohne Angabe personenbezogener Daten m\u00f6glich. Soweit auf unseren Seiten personenbezogene Daten (beispielsweise Name, Anschrift oder E-Mail-Adressen) erhoben werden, erfolgt dies, soweit m\u00f6glich, stets auf freiwilliger Basis. Diese Daten werden ohne Ihre ausdr\u00fcckliche Zustimmung nicht an Dritte weitergegeben. Wir weisen darauf hin, dass die Daten\u00fcbertragung im Internet (z.B. bei der Kommunikation per E-Mail) Sicherheitsl\u00fccken aufweisen kann. Ein l\u00fcckenloser Schutz der Daten vor dem Zugriff durch Dritte ist nicht m\u00f6glich.<\/p>\n<h3>1. NAME UND KONTAKTDATEN DES FU\u0308R DIE VERARBEITUNG VERANTWORTLICHEN<\/h3>\n<p>Diese Datenschutz-Information gilt fu\u0308r die Datenverarbeitung durch: Verantwortlicher: HOTEL im RIED GmbH Vertreten durch: Domenico Russo, Patrizia Mammarella | Hindenburgstra\u00dfe 30, 86609 Donauw\u00f6rth Tel: +49 (0) 906 999 8480 E-Mail: info@hotel-im-ried.de<\/p>\n<h3>2. ERHEBUNG UND SPEICHERUNG PERSONENBEZOGENER DATEN SOWIE ART UND ZWECK VON DEREN VERWENDUNG<\/h3>\n<p><strong>a)<\/strong>\u00a0Beim Besuch der Website Beim Aufrufen unserer Website https:\/\/www.hotel-imried.de\/ werden durch den auf Ihrem Endgera\u0308t zum Einsatz kommenden Browser automatisch Informationen an den Server unserer Website gesendet. Diese Informationen werden tempora\u0308r in einem sog. Logfile gespeichert. Folgende Informationen werden dabei ohne Ihr Zutun erfasst und bis zur automatisierten Lo\u0308schung gespeichert:<\/p>\n<ul>\n<li>IP-Adresse des anfragenden Rechners<\/li>\n<li>Datum und Uhrzeit des Zugriffs<\/li>\n<li>Name und URL der abgerufenen Datei<\/li>\n<li>Website, von der aus der Zugriff erfolgt (Referrer-URL)<\/li>\n<li>Verwendeter Browser und ggf. das Betriebssystem Ihres Rechners sowie der Name Ihres Access- Providers.<\/li>\n<\/ul>\n<p>Die genannten Daten werden durch uns zu folgenden Zwecken verarbeitet:<\/p>\n<ul>\n<li>Gewa\u0308hrleistung eines reibungslosen Verbindungsaufbaus der Website,<\/li>\n<li>Gewa\u0308hrleistung einer komfortablen Nutzung unserer Website,<\/li>\n<li>Auswertung der Systemsicherheit und \u2013 stabilita\u0308t sowie<\/li>\n<li>zu weiteren administrativen Zwecken.<\/li>\n<\/ul>\n<p>Die Rechtsgrundlage fu\u0308r die Datenverarbeitung ist Art. 6 Abs. 1 S. 1 lit. f DSGVO. Unser berechtigtes Interesse folgt aus oben aufgelisteten Zwecken zur Datenerhebung. In keinem Fall verwenden wir die erhobenen Daten zu dem Zweck, Ru\u0308ckschlu\u0308sse auf Ihre Person zu ziehen. Daru\u0308ber hinaus setzen wir beim Besuch unserer Website Cookies sowie Analysedienste ein. Na\u0308here Erla\u0308uterungen dazu erhalten Sie unter den Ziff. 4 und 5 dieser Datenschutzerkla\u0308rung.<\/p>\n<h3>3. WEITERGABE VON DATEN<\/h3>\n<p>Eine U\u0308bermittlung Ihrer perso\u0308nlichen Daten an Dritte zu anderen als den im Folgenden aufgefu\u0308hrten Zwecken findet nicht statt. Wir geben Ihre perso\u0308nlichen Daten nur an Dritte weiter, wenn:<\/p>\n<ul>\n<li>Sie Ihre nach Art. 6 Abs. 1 S. 1 lit. a DSGVO ausdru\u0308ckliche Einwilligung dazu erteilt haben,<\/li>\n<li>die Weitergabe nach Art. 6 Abs. 1 S. 1 lit. f DSGVO zur Geltendmachung, Ausu\u0308bung oder Verteidigung von Rechtsanspru\u0308chen erforderlich ist und kein Grund zur Annahme besteht, dass Sie ein u\u0308berwiegendes schutzwu\u0308rdiges Interesse an der Nichtweitergabe Ihrer Daten haben,<\/li>\n<li>fu\u0308r den Fall, dass fu\u0308r die Weitergabe nach Art. 6 Abs. 1 S. 1 lit. c DSGVO eine gesetzliche Verpflichtung besteht, sowie<\/li>\n<li>dies gesetzlich zula\u0308ssig und nach Art. 6 Abs. 1 S. 1 lit. b DSGVO fu\u0308r die Abwicklung von Vertragsverha\u0308ltnissen mit Ihnen erforderlich ist.<\/li>\n<\/ul>\n<h3>4. COOKIES<\/h3>\n<p>Wir setzen auf unserer Seite Cookies ein. Hierbei handelt es sich um kleine Dateien, die Ihr Browser automatisch erstellt und die auf Ihrem Endgera\u0308t (Laptop, Tablet, Smartphone o.a\u0308.) gespeichert werden, wenn Sie unsere Seite besuchen. Cookies richten auf Ihrem Endgera\u0308t keinen Schaden an, enthalten keine Viren, Trojaner oder sonstige Schadsoftware. In dem Cookie werden Informationen abgelegt, die sich jeweils im Zusammenhang mit dem spezifisch eingesetzten Endgera\u0308t ergeben. Dies bedeutet jedoch nicht, dass wir dadurch unmittelbar Kenntnis von Ihrer Identita\u0308t erhalten. Der Einsatz von Cookies dient einerseits dazu, die Nutzung unseres Angebots fu\u0308r Sie angenehmer zu gestalten. So setzen wir sogenannte Session- Cookies ein, um zu erkennen, dass Sie einzelne Seiten unserer Website bereits besucht haben. Diese werden nach Verlassen unserer Seite automatisch gelo\u0308scht. Daru\u0308ber hinaus setzen wir ebenfalls zur Optimierung der Benutzerfreundlichkeit tempora\u0308re Cookies ein, die fu\u0308r einen bestimmten festgelegten Zeitraum auf Ihrem Endgera\u0308t gespeichert werden. Besuchen Sie unsere Seite erneut, um unsere Dienste in Anspruch zu nehmen, wird automatisch erkannt, dass Sie bereits bei uns waren und welche Eingaben und Einstellungen sie geta\u0308tigt haben, um diese nicht noch einmal eingeben zu mu\u0308ssen. Zum anderen setzten wir Cookies ein, um die Nutzung unserer Website statistisch zu erfassen und zum Zwecke der Optimierung unseres Angebotes fu\u0308r Sie auszuwerten (siehe Ziff. 5). Diese Cookies ermo\u0308glichen es uns, bei einem erneuten Besuch unserer Seite automatisch zu erkennen, dass Sie bereits bei uns waren. Diese Cookies werden nach einer jeweils definierten Zeit automatisch gelo\u0308scht. Die durch Cookies verarbeiteten Daten sind fu\u0308r die genannten Zwecke zur Wahrung unserer berechtigten Interessen sowie der Dritter nach Art. 6 Abs. 1 S. 1 lit. f DSGVO erforderlich. Die meisten Browser akzeptieren Cookies automatisch. Sie ko\u0308nnen Ihren Browser jedoch so konfigurieren, dass keine Cookies auf Ihrem Computer gespeichert werden oder stets ein Hinweis erscheint, bevor ein neuer Cookie angelegt wird. Die vollsta\u0308ndige Deaktivierung von Cookies kann jedoch dazu fu\u0308hren, dass Sie nicht alle Funktionen unserer Website nutzen ko\u0308nnen.<\/p>\n<h3>5. BETROFFENENRECHTE<\/h3>\n<p>Sie haben das Recht:<\/p>\n<ul>\n<li>gema\u0308\u00df Art. 15 DSGVO Auskunft u\u0308ber Ihre von uns verarbeiteten personenbezogenen Daten zu verlangen. Insbesondere ko\u0308nnen Sie Auskunft u\u0308ber die Verarbeitungszwecke, die Kategorie der personenbezogenen Daten, die Kategorien von Empfa\u0308ngern, gegenu\u0308ber denen Ihre Daten offengelegt wurden oder werden, die geplante Speicherdauer, das Bestehen eines Rechts auf Berichtigung, Lo\u0308schung, Einschra\u0308nkung der Verarbeitung oder Widerspruch, das Bestehen eines Beschwerderechts, die Herkunft ihrer Daten, sofern diese nicht bei uns erhoben wurden, sowie u\u0308ber das Bestehen einer automatisierten Entscheidungsfindung einschlie\u00dflich Profiling und ggf. aussagekra\u0308ftigen Informationen zu deren Einzelheiten verlangen;<\/li>\n<li>gema\u0308\u00df Art. 16 DSGVO unverzu\u0308glich die Berichtigung unrichtiger oder Vervollsta\u0308ndigung Ihrer bei uns gespeicherten personenbezogenen Daten zu verlangen;<\/li>\n<li>gema\u0308\u00df Art. 17 DSGVO die Lo\u0308schung Ihrer bei uns gespeicherten personenbezogenen Daten zu verlangen, soweit nicht die Verarbeitung zur Ausu\u0308bung des Rechts auf freie Meinungsa\u0308u\u00dferung und Information, zur Erfu\u0308llung einer rechtlichen Verpflichtung, aus Gru\u0308nden des o\u0308ffentlichen Interesses oder zur Geltendmachung, Ausu\u0308bung oder Verteidigung von Rechtsanspru\u0308chen erforderlich ist;<\/li>\n<li>gema\u0308\u00df Art. 18 DSGVO die Einschra\u0308nkung der Verarbeitung Ihrer personenbezogenen Daten zu verlangen, soweit die Richtigkeit der Daten von Ihnen bestritten wird, die Verarbeitung unrechtma\u0308\u00dfig ist, Sie aber deren Lo\u0308schung ablehnen und wir die Daten nicht mehr beno\u0308tigen, Sie jedoch diese zur Geltendmachung, Ausu\u0308bung oder Verteidigung von Rechtsanspru\u0308chen beno\u0308tigen oder Sie gema\u0308\u00df Art. 21 DSGVO Widerspruch gegen die Verarbeitung eingelegt haben;<\/li>\n<li>gema\u0308\u00df Art. 20 DSGVO Ihre personenbezogenen Daten, die Sie uns bereitgestellt haben, in einem strukturierten, ga\u0308ngigen und maschinenlesebaren Format zu erhalten oder die U\u0308bermittlung an einen anderen Verantwortlichen zu verlangen;<\/li>\n<li>gema\u0308\u00df Art. 7 Abs. 3 DSGVO Ihre einmal erteilte Einwilligung jederzeit gegenu\u0308ber uns zu widerrufen. Dies hat zur Folge, dass wir die Datenverarbeitung, die auf dieser Einwilligung beruhte, fu\u0308r die Zukunft nicht mehr fortfu\u0308hren du\u0308rfen und<\/li>\n<li>gema\u0308\u00df Art. 77 DSGVO sich bei einer Aufsichtsbeho\u0308rde zu beschweren. In der Regel ko\u0308nnen Sie sich hierfu\u0308r an die Aufsichtsbeho\u0308rde Ihres u\u0308blichen Aufenthaltsortes oder Arbeitsplatzes oder unseres Kanzleisitzes wenden.<\/li>\n<\/ul>\n<h3>6. WIDERSPRUCHSRECHT<\/h3>\n<p>Sofern Ihre personenbezogenen Daten auf Grundlage von berechtigten Interessen gema\u0308\u00df Art. 6 Abs. 1 S. 1 lit. f DSGVO verarbeitet werden, haben Sie das Recht, gema\u0308\u00df Art. 21 DSGVO Widerspruch gegen die Verarbeitung Ihrer personenbezogenen Daten einzulegen, soweit dafu\u0308r Gru\u0308nde vorliegen, die sich aus Ihrer besonderen Situation ergeben oder sich der Widerspruch gegen Direktwerbung richtet. Im letzteren Fall haben Sie ein generelles Widerspruchsrecht, das ohne Angabe einer besonderen Situation von uns umgesetzt wird. Mo\u0308chten Sie von Ihrem Widerrufs- oder Widerspruchsrecht Gebrauch machen, genu\u0308gt eine E-Mail an: info@hotel-im-ried.de<\/p>\n<h3><\/h3>\n<h3>10. AKTUALITA\u0308T UND A\u0308NDERUNG DIESER DATENSCHUTZERKLA\u0308RUNG<\/h3>\n<p><strong>Diese Datenschutzerkla\u0308rung ist aktuell gu\u0308ltig und hat den Stand Mai 2018.<\/strong>\u00a0Durch die Weiterentwicklung unserer Website und Angebote daru\u0308ber oder aufgrund gea\u0308nderter gesetzlicher beziehungsweise beho\u0308rdlicher Vorgaben kann es notwendig werden, diese Datenschutzerkla\u0308rung zu a\u0308ndern. Die jeweils aktuelle Datenschutzerkla\u0308rung kann jederzeit auf der Website unter \u201ehttp:\/\/www.hotel-imried.de.org\/datenschutz\/\u201c von Ihnen abgerufen und ausgedruckt werden.<\/p>\n<\/div><\/section>\n<\/p>\n","protected":false},"excerpt":{"rendered":"","protected":false},"author":1,"featured_media":0,"parent":0,"menu_order":0,"comment_status":"closed","ping_status":"closed","template":"","meta":{"_acf_changed":false,"footnotes":""},"class_list":["post-468","page","type-page","status-publish","hentry"],"acf":[],"yoast_head":"<!-- This site is optimized with the Yoast SEO plugin v27.5 - https:\/\/yoast.com\/product\/yoast-seo-wordpress\/ -->\n<title>Privacy policy - Hotel im Ried Donauw\u00f6rth<\/title>\n<meta name=\"robots\" content=\"index, follow, max-snippet:-1, max-image-preview:large, max-video-preview:-1\" \/>\n<link rel=\"canonical\" href=\"https:\/\/hotel-im-ried.de\/en\/privacy-policy\/\" \/>\n<meta property=\"og:locale\" content=\"en_US\" \/>\n<meta property=\"og:type\" content=\"article\" \/>\n<meta property=\"og:title\" content=\"Privacy policy - Hotel im Ried Donauw\u00f6rth\" \/>\n<meta property=\"og:url\" content=\"https:\/\/hotel-im-ried.de\/en\/privacy-policy\/\" \/>\n<meta property=\"og:site_name\" content=\"Hotel im Ried Donauw\u00f6rth\" \/>\n<meta property=\"article:modified_time\" content=\"2023-06-18T19:08:22+00:00\" \/>\n<meta name=\"twitter:card\" content=\"summary_large_image\" \/>\n<meta name=\"twitter:label1\" content=\"Est. reading time\" \/>\n\t<meta name=\"twitter:data1\" content=\"8 minutes\" \/>\n<script type=\"application\/ld+json\" class=\"yoast-schema-graph\">{\"@context\":\"https:\\\/\\\/schema.org\",\"@graph\":[{\"@type\":\"WebPage\",\"@id\":\"https:\\\/\\\/hotel-im-ried.de\\\/en\\\/privacy-policy\\\/\",\"url\":\"https:\\\/\\\/hotel-im-ried.de\\\/en\\\/privacy-policy\\\/\",\"name\":\"Privacy policy - Hotel im Ried Donauw\u00f6rth\",\"isPartOf\":{\"@id\":\"https:\\\/\\\/hotel-im-ried.de\\\/en\\\/#website\"},\"datePublished\":\"2019-12-17T13:59:01+00:00\",\"dateModified\":\"2023-06-18T19:08:22+00:00\",\"breadcrumb\":{\"@id\":\"https:\\\/\\\/hotel-im-ried.de\\\/en\\\/privacy-policy\\\/#breadcrumb\"},\"inLanguage\":\"en-US\",\"potentialAction\":[{\"@type\":\"ReadAction\",\"target\":[\"https:\\\/\\\/hotel-im-ried.de\\\/en\\\/privacy-policy\\\/\"]}]},{\"@type\":\"BreadcrumbList\",\"@id\":\"https:\\\/\\\/hotel-im-ried.de\\\/en\\\/privacy-policy\\\/#breadcrumb\",\"itemListElement\":[{\"@type\":\"ListItem\",\"position\":1,\"name\":\"Startseite\",\"item\":\"https:\\\/\\\/hotel-im-ried.de\\\/en\\\/home\\\/\"},{\"@type\":\"ListItem\",\"position\":2,\"name\":\"Privacy policy\"}]},{\"@type\":\"WebSite\",\"@id\":\"https:\\\/\\\/hotel-im-ried.de\\\/en\\\/#website\",\"url\":\"https:\\\/\\\/hotel-im-ried.de\\\/en\\\/\",\"name\":\"Hotel im Ried Donauw\u00f6rth\",\"description\":\"\",\"publisher\":{\"@id\":\"https:\\\/\\\/hotel-im-ried.de\\\/en\\\/#organization\"},\"potentialAction\":[{\"@type\":\"SearchAction\",\"target\":{\"@type\":\"EntryPoint\",\"urlTemplate\":\"https:\\\/\\\/hotel-im-ried.de\\\/en\\\/?s={search_term_string}\"},\"query-input\":{\"@type\":\"PropertyValueSpecification\",\"valueRequired\":true,\"valueName\":\"search_term_string\"}}],\"inLanguage\":\"en-US\"},{\"@type\":\"Organization\",\"@id\":\"https:\\\/\\\/hotel-im-ried.de\\\/en\\\/#organization\",\"name\":\"Hotel im Ried\",\"url\":\"https:\\\/\\\/hotel-im-ried.de\\\/en\\\/\",\"logo\":{\"@type\":\"ImageObject\",\"inLanguage\":\"en-US\",\"@id\":\"https:\\\/\\\/hotel-im-ried.de\\\/en\\\/#\\\/schema\\\/logo\\\/image\\\/\",\"url\":\"https:\\\/\\\/hotel-im-ried.de\\\/wp-content\\\/uploads\\\/2019\\\/12\\\/logo.jpg\",\"contentUrl\":\"https:\\\/\\\/hotel-im-ried.de\\\/wp-content\\\/uploads\\\/2019\\\/12\\\/logo.jpg\",\"width\":309,\"height\":146,\"caption\":\"Hotel im Ried\"},\"image\":{\"@id\":\"https:\\\/\\\/hotel-im-ried.de\\\/en\\\/#\\\/schema\\\/logo\\\/image\\\/\"}}]}<\/script>\n<!-- \/ Yoast SEO plugin. -->","yoast_head_json":{"title":"Privacy policy - Hotel im Ried Donauw\u00f6rth","robots":{"index":"index","follow":"follow","max-snippet":"max-snippet:-1","max-image-preview":"max-image-preview:large","max-video-preview":"max-video-preview:-1"},"canonical":"https:\/\/hotel-im-ried.de\/en\/privacy-policy\/","og_locale":"en_US","og_type":"article","og_title":"Privacy policy - Hotel im Ried Donauw\u00f6rth","og_url":"https:\/\/hotel-im-ried.de\/en\/privacy-policy\/","og_site_name":"Hotel im Ried Donauw\u00f6rth","article_modified_time":"2023-06-18T19:08:22+00:00","twitter_card":"summary_large_image","twitter_misc":{"Est. reading time":"8 minutes"},"schema":{"@context":"https:\/\/schema.org","@graph":[{"@type":"WebPage","@id":"https:\/\/hotel-im-ried.de\/en\/privacy-policy\/","url":"https:\/\/hotel-im-ried.de\/en\/privacy-policy\/","name":"Privacy policy - Hotel im Ried Donauw\u00f6rth","isPartOf":{"@id":"https:\/\/hotel-im-ried.de\/en\/#website"},"datePublished":"2019-12-17T13:59:01+00:00","dateModified":"2023-06-18T19:08:22+00:00","breadcrumb":{"@id":"https:\/\/hotel-im-ried.de\/en\/privacy-policy\/#breadcrumb"},"inLanguage":"en-US","potentialAction":[{"@type":"ReadAction","target":["https:\/\/hotel-im-ried.de\/en\/privacy-policy\/"]}]},{"@type":"BreadcrumbList","@id":"https:\/\/hotel-im-ried.de\/en\/privacy-policy\/#breadcrumb","itemListElement":[{"@type":"ListItem","position":1,"name":"Startseite","item":"https:\/\/hotel-im-ried.de\/en\/home\/"},{"@type":"ListItem","position":2,"name":"Privacy policy"}]},{"@type":"WebSite","@id":"https:\/\/hotel-im-ried.de\/en\/#website","url":"https:\/\/hotel-im-ried.de\/en\/","name":"Hotel im Ried Donauw\u00f6rth","description":"","publisher":{"@id":"https:\/\/hotel-im-ried.de\/en\/#organization"},"potentialAction":[{"@type":"SearchAction","target":{"@type":"EntryPoint","urlTemplate":"https:\/\/hotel-im-ried.de\/en\/?s={search_term_string}"},"query-input":{"@type":"PropertyValueSpecification","valueRequired":true,"valueName":"search_term_string"}}],"inLanguage":"en-US"},{"@type":"Organization","@id":"https:\/\/hotel-im-ried.de\/en\/#organization","name":"Hotel im Ried","url":"https:\/\/hotel-im-ried.de\/en\/","logo":{"@type":"ImageObject","inLanguage":"en-US","@id":"https:\/\/hotel-im-ried.de\/en\/#\/schema\/logo\/image\/","url":"https:\/\/hotel-im-ried.de\/wp-content\/uploads\/2019\/12\/logo.jpg","contentUrl":"https:\/\/hotel-im-ried.de\/wp-content\/uploads\/2019\/12\/logo.jpg","width":309,"height":146,"caption":"Hotel im Ried"},"image":{"@id":"https:\/\/hotel-im-ried.de\/en\/#\/schema\/logo\/image\/"}}]}},"_links":{"self":[{"href":"https:\/\/hotel-im-ried.de\/en\/wp-json\/wp\/v2\/pages\/468","targetHints":{"allow":["GET"]}}],"collection":[{"href":"https:\/\/hotel-im-ried.de\/en\/wp-json\/wp\/v2\/pages"}],"about":[{"href":"https:\/\/hotel-im-ried.de\/en\/wp-json\/wp\/v2\/types\/page"}],"author":[{"embeddable":true,"href":"https:\/\/hotel-im-ried.de\/en\/wp-json\/wp\/v2\/users\/1"}],"replies":[{"embeddable":true,"href":"https:\/\/hotel-im-ried.de\/en\/wp-json\/wp\/v2\/comments?post=468"}],"version-history":[{"count":2,"href":"https:\/\/hotel-im-ried.de\/en\/wp-json\/wp\/v2\/pages\/468\/revisions"}],"predecessor-version":[{"id":479,"href":"https:\/\/hotel-im-ried.de\/en\/wp-json\/wp\/v2\/pages\/468\/revisions\/479"}],"wp:attachment":[{"href":"https:\/\/hotel-im-ried.de\/en\/wp-json\/wp\/v2\/media?parent=468"}],"curies":[{"name":"wp","href":"https:\/\/api.w.org\/{rel}","templated":true}]}}