{"id":467,"date":"2019-12-17T14:59:01","date_gmt":"2019-12-17T13:59:01","guid":{"rendered":"https:\/\/hotel-im-ried.de\/home\/"},"modified":"2026-01-12T08:49:30","modified_gmt":"2026-01-12T07:49:30","slug":"home","status":"publish","type":"page","link":"https:\/\/hotel-im-ried.de\/en\/","title":{"rendered":"Home"},"content":{"rendered":"<div id='full_slider_1'  class='avia-fullwidth-slider main_color avia-shadow   avia-builder-el-0  el_before_av_section  avia-builder-el-first   container_wrap fullsize'  ><div  class='avia-slideshow av-lj5xxw19-c7371af0acfbdb82d419b5b3bd812be0 avia-slideshow-no scaling av_slideshow_full avia-slide-slider av-slideshow-ui av-control-minimal av-slideshow-autoplay av-loop-endless av-loop-manual-endless av-default-height-applied   avia-slideshow-1' data-slideshow-options=\"{&quot;animation&quot;:&quot;slide&quot;,&quot;autoplay&quot;:true,&quot;loop_autoplay&quot;:&quot;endless&quot;,&quot;interval&quot;:4,&quot;loop_manual&quot;:&quot;manual-endless&quot;,&quot;autoplay_stopper&quot;:false,&quot;noNavigation&quot;:false,&quot;bg_slider&quot;:false,&quot;keep_padding&quot;:false,&quot;hoverpause&quot;:false,&quot;show_slide_delay&quot;:0}\"  itemprop=\"image\" itemscope=\"itemscope\" itemtype=\"https:\/\/schema.org\/ImageObject\" ><ul class='avia-slideshow-inner ' style='padding-bottom: 36.458333333333%;'><li  class='avia-slideshow-slide av-lj5xxw19-c7371af0acfbdb82d419b5b3bd812be0__0  slide-1 slide-odd'><div data-rel='slideshow-1' class='avia-slide-wrap '   ><img decoding=\"async\" fetchpriority=\"high\" class=\"wp-image-318 avia-img-lazy-loading-not-318\"  src=\"https:\/\/hotel-im-ried.de\/wp-content\/uploads\/2019\/12\/slide-1.jpg\" width=\"1920\" height=\"700\" title='' alt=''  itemprop=\"thumbnailUrl\"  style='min-height:600px; min-width:1646px; ' srcset=\"https:\/\/hotel-im-ried.de\/wp-content\/uploads\/2019\/12\/slide-1.jpg 1920w, https:\/\/hotel-im-ried.de\/wp-content\/uploads\/2019\/12\/slide-1-300x109.jpg 300w, https:\/\/hotel-im-ried.de\/wp-content\/uploads\/2019\/12\/slide-1-1030x376.jpg 1030w, https:\/\/hotel-im-ried.de\/wp-content\/uploads\/2019\/12\/slide-1-768x280.jpg 768w, https:\/\/hotel-im-ried.de\/wp-content\/uploads\/2019\/12\/slide-1-1536x560.jpg 1536w, https:\/\/hotel-im-ried.de\/wp-content\/uploads\/2019\/12\/slide-1-1500x547.jpg 1500w, https:\/\/hotel-im-ried.de\/wp-content\/uploads\/2019\/12\/slide-1-705x257.jpg 705w\" sizes=\"(max-width: 1920px) 100vw, 1920px\" \/><\/div><\/li><li  class='avia-slideshow-slide av-lj5xxw19-c7371af0acfbdb82d419b5b3bd812be0__1  slide-2 slide-even'><div data-rel='slideshow-1' class='avia-slide-wrap '   ><img decoding=\"async\" fetchpriority=\"high\" class=\"wp-image-319 avia-img-lazy-loading-not-319\"  src=\"https:\/\/hotel-im-ried.de\/wp-content\/uploads\/2019\/12\/slide-2.jpg\" width=\"1920\" height=\"700\" title='' alt=''  itemprop=\"thumbnailUrl\"  style='min-height:600px; min-width:1646px; ' srcset=\"https:\/\/hotel-im-ried.de\/wp-content\/uploads\/2019\/12\/slide-2.jpg 1920w, https:\/\/hotel-im-ried.de\/wp-content\/uploads\/2019\/12\/slide-2-300x109.jpg 300w, https:\/\/hotel-im-ried.de\/wp-content\/uploads\/2019\/12\/slide-2-1030x376.jpg 1030w, https:\/\/hotel-im-ried.de\/wp-content\/uploads\/2019\/12\/slide-2-768x280.jpg 768w, https:\/\/hotel-im-ried.de\/wp-content\/uploads\/2019\/12\/slide-2-1536x560.jpg 1536w, https:\/\/hotel-im-ried.de\/wp-content\/uploads\/2019\/12\/slide-2-1500x547.jpg 1500w, https:\/\/hotel-im-ried.de\/wp-content\/uploads\/2019\/12\/slide-2-705x257.jpg 705w\" sizes=\"(max-width: 1920px) 100vw, 1920px\" \/><\/div><\/li><li  class='avia-slideshow-slide av-lj5xxw19-c7371af0acfbdb82d419b5b3bd812be0__2  slide-3 slide-odd'><div data-rel='slideshow-1' class='avia-slide-wrap '   ><img decoding=\"async\" fetchpriority=\"high\" class=\"wp-image-325 avia-img-lazy-loading-not-325\"  src=\"https:\/\/hotel-im-ried.de\/wp-content\/uploads\/2019\/12\/slide-3.jpg\" width=\"1920\" height=\"700\" title='' alt=''  itemprop=\"thumbnailUrl\"  style='min-height:600px; min-width:1646px; ' srcset=\"https:\/\/hotel-im-ried.de\/wp-content\/uploads\/2019\/12\/slide-3.jpg 1920w, https:\/\/hotel-im-ried.de\/wp-content\/uploads\/2019\/12\/slide-3-300x109.jpg 300w, https:\/\/hotel-im-ried.de\/wp-content\/uploads\/2019\/12\/slide-3-1030x376.jpg 1030w, https:\/\/hotel-im-ried.de\/wp-content\/uploads\/2019\/12\/slide-3-768x280.jpg 768w, https:\/\/hotel-im-ried.de\/wp-content\/uploads\/2019\/12\/slide-3-1536x560.jpg 1536w, https:\/\/hotel-im-ried.de\/wp-content\/uploads\/2019\/12\/slide-3-1500x547.jpg 1500w, https:\/\/hotel-im-ried.de\/wp-content\/uploads\/2019\/12\/slide-3-705x257.jpg 705w\" sizes=\"(max-width: 1920px) 100vw, 1920px\" \/><\/div><\/li><\/ul><div class='avia-slideshow-arrows avia-slideshow-controls' ><a href='#prev' class='prev-slide  avia-svg-icon avia-font-svg_entypo-fontello' data-av_svg_icon='left-open-big' data-av_iconset='svg_entypo-fontello' tabindex='-1' title=\"Previous\"><svg version=\"1.1\" xmlns=\"http:\/\/www.w3.org\/2000\/svg\" width=\"15\" height=\"32\" viewBox=\"0 0 15 32\" preserveAspectRatio=\"xMidYMid meet\" aria-labelledby='av-svg-title-1' aria-describedby='av-svg-desc-1' role=\"graphics-symbol\" aria-hidden=\"true\">\n<title id='av-svg-title-1'>Previous<\/title>\n<desc id='av-svg-desc-1'>Previous<\/desc>\n<path d=\"M14.464 27.84q0.832 0.832 0 1.536-0.832 0.832-1.536 0l-12.544-12.608q-0.768-0.768 0-1.6l12.544-12.608q0.704-0.832 1.536 0 0.832 0.704 0 1.536l-11.456 11.904z\"><\/path>\n<\/svg><span class='avia_hidden_link_text'>Previous<\/span><\/a><a href='#next' class='next-slide  avia-svg-icon avia-font-svg_entypo-fontello' data-av_svg_icon='right-open-big' data-av_iconset='svg_entypo-fontello' tabindex='-1' title=\"Next\"><svg version=\"1.1\" xmlns=\"http:\/\/www.w3.org\/2000\/svg\" width=\"15\" height=\"32\" viewBox=\"0 0 15 32\" preserveAspectRatio=\"xMidYMid meet\" aria-labelledby='av-svg-title-2' aria-describedby='av-svg-desc-2' role=\"graphics-symbol\" aria-hidden=\"true\">\n<title id='av-svg-title-2'>Next<\/title>\n<desc id='av-svg-desc-2'>Next<\/desc>\n<path d=\"M0.416 27.84l11.456-11.84-11.456-11.904q-0.832-0.832 0-1.536 0.832-0.832 1.536 0l12.544 12.608q0.768 0.832 0 1.6l-12.544 12.608q-0.704 0.832-1.536 0-0.832-0.704 0-1.536z\"><\/path>\n<\/svg><span class='avia_hidden_link_text'>Next<\/span><\/a><\/div><div class='avia-slideshow-dots avia-slideshow-controls'><a href='#1' class='goto-slide active' >1<\/a><a href='#2' class='goto-slide ' >2<\/a><a href='#3' class='goto-slide ' >3<\/a><\/div><div class='av-slideshow-caption av-lj5xxw19-c7371af0acfbdb82d419b5b3bd812be0__0 caption_fullwidth caption_left caption_left_framed caption_framed'><div class=\"container caption_container\"><div class=\"slideshow_caption\"><div class=\"slideshow_inner_caption\"><div class=\"slideshow_align_caption\"><h2 class='avia-caption-title '  itemprop=\"name\" ><\/p>\n<h1>Your Hotel in Donauw\u00f6rth<\/h1>\n<p><\/h2><div class='avia-caption-content av_inherit_color'  itemprop=\"description\" ><p>Hotel im Ried<br \/>\nHindenburgstra\u00dfe 30<br \/>\n86609 Donauw\u00f6rth<br \/>\n+49 (0) 906 999 8480<\/p>\n<\/div><\/div><\/div><\/div><\/div><\/div><\/div><\/div>\n<div id='av_section_1'  class='avia-section av-av_section-deb091c8459178cb58a6695449be696a main_color avia-section-default avia-no-border-styling  avia-builder-el-1  el_after_av_slideshow_full  el_before_av_section  offset_top-100 avia-bg-style-scroll container_wrap fullsize'  ><div class='container av-section-cont-open' ><div class='template-page content  av-content-full alpha units'><div class='post-entry post-entry-type-page post-entry-467'><div class='entry-content-wrapper clearfix'>\n\n<style type=\"text\/css\" data-created_by=\"avia_inline_auto\" id=\"style-css-av-av_one_full-b4d38c50a9b879a1965047626b57d00d\">\n.flex_column.av-av_one_full-b4d38c50a9b879a1965047626b57d00d{\nborder-radius:0px 0px 0px 0px;\npadding:5% 5% 5% 5%;\nbackground-color:#323232;\n}\n<\/style>\n<div  class='flex_column av-av_one_full-b4d38c50a9b879a1965047626b57d00d av_one_full  avia-builder-el-2  avia-builder-el-no-sibling  first flex_column_div  '     ><div  class='avia-button-wrap av-mkav3wfp-4b9fcd2b2fcc758ef2fe84a6a5de44e4-wrap avia-button-center  avia-builder-el-3  avia-builder-el-no-sibling '><a href='https:\/\/hotel-im-ried.de\/en\/rooms\/'  class='avia-button av-mkav3wfp-4b9fcd2b2fcc758ef2fe84a6a5de44e4 av-link-btn avia-icon_select-no avia-size-small avia-position-center avia-color-light'   aria-label=\"Book now\"><span class='avia_iconbox_title' >Book now<\/span><\/a><\/div><\/div><\/div><\/div><\/div><!-- close content main div --><\/div><\/div><div id='av_section_2'  class='avia-section av-av_section-658c896a3eedcdff2138db1670d96a23 main_color avia-section-huge avia-no-border-styling  avia-builder-el-4  el_after_av_section  el_before_av_section  avia-bg-style-scroll container_wrap fullsize'  ><div class='container av-section-cont-open' ><div class='template-page content  av-content-full alpha units'><div class='post-entry post-entry-type-page post-entry-467'><div class='entry-content-wrapper clearfix'>\n\n<style type=\"text\/css\" data-created_by=\"avia_inline_auto\" id=\"style-css-av-av_heading-17574a11d1742a876cd72cb2007fc1c9\">\n#top .av-special-heading.av-av_heading-17574a11d1742a876cd72cb2007fc1c9{\npadding-bottom:10px;\n}\nbody .av-special-heading.av-av_heading-17574a11d1742a876cd72cb2007fc1c9 .av-special-heading-tag .heading-char{\nfont-size:25px;\n}\n.av-special-heading.av-av_heading-17574a11d1742a876cd72cb2007fc1c9 .av-subheading{\nfont-size:15px;\n}\n<\/style>\n<div  class='av-special-heading av-av_heading-17574a11d1742a876cd72cb2007fc1c9 av-special-heading-h2 blockquote modern-quote modern-centered  avia-builder-el-5  el_before_av_textblock  avia-builder-el-first  av-linked-heading'><h2 class='av-special-heading-tag '  itemprop=\"headline\"  ><b>Hotel im Ried<\/b><br \/>\nDonauw\u00f6rth<\/h2><div class='av-subheading av-subheading_below'><p>Welcome to your hotel in Ried in Donauw\u00f6rth &#8211; Donau-Ries!<\/p>\n<\/div><div class=\"special-heading-border\"><div class=\"special-heading-inner-border\"><\/div><\/div><\/div>\n<section  class='av_textblock_section av-av_textblock-7a1af7d8f9790576b1769c0a9f0449ed '   itemscope=\"itemscope\" itemtype=\"https:\/\/schema.org\/CreativeWork\" ><div class='avia_textblock'  itemprop=\"text\" ><p style=\"text-align: center;\">Our family-run hotel is in a beautiful location in the middle of Donauw\u00f6rther&#8217;s old town (Donau-Ries), only about 10 minutes&#8217; walk from the main train station.<br \/>\nA house that combines charm, a central location and a quiet atmosphere. Whether you stay with us for just one night or a whole week, we want all of our guests to feel comfortable and relaxed in our hotel in Donauw\u00f6rth right from the start.<br \/>\nExperience and enjoy your stay with us in a warm atmosphere, with Italian hospitality and a cozy ambience.<br \/>\nWe are happy to do our best to make you feel at home with us.<\/p>\n<p style=\"text-align: center;\"><strong>Your hotel in Ried<\/strong><\/p>\n<\/div><\/section>\n<\/p>\n<\/div><\/div><\/div><!-- close content main div --><\/div><\/div><div id='av_section_3'  class='avia-section av-av_section-bbedcb0fc457d4319fdb5e628441284c main_color avia-section-default avia-no-border-styling  avia-builder-el-7  el_after_av_section  el_before_av_section  avia-bg-style-scroll container_wrap fullsize'  ><div class='container av-section-cont-open' ><div class='template-page content  av-content-full alpha units'><div class='post-entry post-entry-type-page post-entry-467'><div class='entry-content-wrapper clearfix'>\n\n<style type=\"text\/css\" data-created_by=\"avia_inline_auto\" id=\"style-css-av-av_one_third-1e26125d131ba13f1accaa8241be1528\">\n.flex_column.av-av_one_third-1e26125d131ba13f1accaa8241be1528{\nborder-radius:0px 0px 0px 0px;\npadding:0px 0px 0px 0px;\n}\n<\/style>\n<div  class='flex_column av-av_one_third-1e26125d131ba13f1accaa8241be1528 av_one_third  avia-builder-el-8  el_before_av_one_third  avia-builder-el-first  first flex_column_div av-zero-column-padding  '     ><style type=\"text\/css\" data-created_by=\"avia_inline_auto\" id=\"style-css-av-av_image-38ab2b67e553bf63d0dcb66a3c92b0d9\">\n.avia-image-container.av-av_image-38ab2b67e553bf63d0dcb66a3c92b0d9 img.avia_image{\nbox-shadow:none;\n}\n.avia-image-container.av-av_image-38ab2b67e553bf63d0dcb66a3c92b0d9 .av-caption-image-overlay-bg{\nopacity:0.4;\n}\n.avia-image-container.av-av_image-38ab2b67e553bf63d0dcb66a3c92b0d9 .av-image-caption-overlay-center{\ncolor:#ffffff;\n}\n<\/style>\n<div  class='avia-image-container av-av_image-38ab2b67e553bf63d0dcb66a3c92b0d9 av-styling-no-styling av-img-linked avia-align-  avia-builder-el-9  avia-builder-el-no-sibling  noHover av-overlay-hover-deactivate'   itemprop=\"image\" itemscope=\"itemscope\" itemtype=\"https:\/\/schema.org\/ImageObject\" ><div class=\"avia-image-container-inner\"><div class=\"avia-image-overlay-wrap\"><a href=\"https:\/\/hotel-im-ried.de\/en\/rooms\/\" class='avia_image '  ><div class=\"av-image-caption-overlay\"><div class=\"av-caption-image-overlay-bg\"><\/div><div class=\"av-image-caption-overlay-position\"><div class=\"av-image-caption-overlay-center\"><p>Rooms<\/p>\n<\/div><\/div><\/div><img decoding=\"async\" fetchpriority=\"high\" class='wp-image-321 avia-img-lazy-loading-not-321 avia_image ' src=\"https:\/\/hotel-im-ried.de\/wp-content\/uploads\/2019\/12\/block-1.jpg\" alt='' title=''  height=\"600\" width=\"400\"  itemprop=\"thumbnailUrl\" srcset=\"https:\/\/hotel-im-ried.de\/wp-content\/uploads\/2019\/12\/block-1.jpg 400w, https:\/\/hotel-im-ried.de\/wp-content\/uploads\/2019\/12\/block-1-200x300.jpg 200w\" sizes=\"(max-width: 400px) 100vw, 400px\" \/><\/a><\/div><\/div><\/div><\/div>\n<style type=\"text\/css\" data-created_by=\"avia_inline_auto\" id=\"style-css-av-av_one_third-da852e3ef3e55b029d2629c41a20524d\">\n.flex_column.av-av_one_third-da852e3ef3e55b029d2629c41a20524d{\nborder-radius:0px 0px 0px 0px;\npadding:0px 0px 0px 0px;\n}\n<\/style>\n<div  class='flex_column av-av_one_third-da852e3ef3e55b029d2629c41a20524d av_one_third  avia-builder-el-10  el_after_av_one_third  el_before_av_one_third  flex_column_div av-zero-column-padding  '     ><style type=\"text\/css\" data-created_by=\"avia_inline_auto\" id=\"style-css-av-av_image-99de6db4e8ab28112914c714b4cf6836\">\n.avia-image-container.av-av_image-99de6db4e8ab28112914c714b4cf6836 img.avia_image{\nbox-shadow:none;\n}\n.avia-image-container.av-av_image-99de6db4e8ab28112914c714b4cf6836 .av-caption-image-overlay-bg{\nopacity:0.4;\n}\n.avia-image-container.av-av_image-99de6db4e8ab28112914c714b4cf6836 .av-image-caption-overlay-center{\ncolor:#ffffff;\n}\n<\/style>\n<div  class='avia-image-container av-av_image-99de6db4e8ab28112914c714b4cf6836 av-styling-no-styling av-img-linked avia-align-  avia-builder-el-11  avia-builder-el-no-sibling  noHover av-overlay-hover-deactivate'   itemprop=\"image\" itemscope=\"itemscope\" itemtype=\"https:\/\/schema.org\/ImageObject\" ><div class=\"avia-image-container-inner\"><div class=\"avia-image-overlay-wrap\"><a href=\"https:\/\/hotel-im-ried.de\/en\/restaurant-cilento\/\" class='avia_image '  ><div class=\"av-image-caption-overlay\"><div class=\"av-caption-image-overlay-bg\"><\/div><div class=\"av-image-caption-overlay-position\"><div class=\"av-image-caption-overlay-center\"><p>Restaurant Cilento<\/p>\n<\/div><\/div><\/div><img decoding=\"async\" fetchpriority=\"high\" class='wp-image-322 avia-img-lazy-loading-not-322 avia_image ' src=\"https:\/\/hotel-im-ried.de\/wp-content\/uploads\/2019\/12\/block-2.jpg\" alt='' title=''  height=\"600\" width=\"400\"  itemprop=\"thumbnailUrl\" srcset=\"https:\/\/hotel-im-ried.de\/wp-content\/uploads\/2019\/12\/block-2.jpg 400w, https:\/\/hotel-im-ried.de\/wp-content\/uploads\/2019\/12\/block-2-200x300.jpg 200w\" sizes=\"(max-width: 400px) 100vw, 400px\" \/><\/a><\/div><\/div><\/div><\/div>\n<style type=\"text\/css\" data-created_by=\"avia_inline_auto\" id=\"style-css-av-av_one_third-da852e3ef3e55b029d2629c41a20524d\">\n.flex_column.av-av_one_third-da852e3ef3e55b029d2629c41a20524d{\nborder-radius:0px 0px 0px 0px;\npadding:0px 0px 0px 0px;\n}\n<\/style>\n<div  class='flex_column av-av_one_third-da852e3ef3e55b029d2629c41a20524d av_one_third  avia-builder-el-12  el_after_av_one_third  avia-builder-el-last  flex_column_div av-zero-column-padding  '     ><style type=\"text\/css\" data-created_by=\"avia_inline_auto\" id=\"style-css-av-av_image-62ee81ae847c844882859fce022ede27\">\n.avia-image-container.av-av_image-62ee81ae847c844882859fce022ede27 img.avia_image{\nbox-shadow:none;\n}\n.avia-image-container.av-av_image-62ee81ae847c844882859fce022ede27 .av-caption-image-overlay-bg{\nopacity:0.4;\n}\n.avia-image-container.av-av_image-62ee81ae847c844882859fce022ede27 .av-image-caption-overlay-center{\ncolor:#ffffff;\n}\n<\/style>\n<div  class='avia-image-container av-av_image-62ee81ae847c844882859fce022ede27 av-styling-no-styling av-img-linked avia-align-  avia-builder-el-13  avia-builder-el-no-sibling  noHover av-overlay-hover-deactivate'   itemprop=\"image\" itemscope=\"itemscope\" itemtype=\"https:\/\/schema.org\/ImageObject\" ><div class=\"avia-image-container-inner\"><div class=\"avia-image-overlay-wrap\"><a href=\"https:\/\/hotel-im-ried.de\/en\/parking\/\" class='avia_image '  ><div class=\"av-image-caption-overlay\"><div class=\"av-caption-image-overlay-bg\"><\/div><div class=\"av-image-caption-overlay-position\"><div class=\"av-image-caption-overlay-center\"><p>Parking<\/p>\n<\/div><\/div><\/div><img decoding=\"async\" fetchpriority=\"high\" class='wp-image-324 avia-img-lazy-loading-not-324 avia_image ' src=\"https:\/\/hotel-im-ried.de\/wp-content\/uploads\/2019\/12\/block-4.jpg\" alt='' title=''  height=\"600\" width=\"400\"  itemprop=\"thumbnailUrl\" srcset=\"https:\/\/hotel-im-ried.de\/wp-content\/uploads\/2019\/12\/block-4.jpg 400w, https:\/\/hotel-im-ried.de\/wp-content\/uploads\/2019\/12\/block-4-200x300.jpg 200w\" sizes=\"(max-width: 400px) 100vw, 400px\" \/><\/a><\/div><\/div><\/div><\/div>\n\n<\/div><\/div><\/div><!-- close content main div --><\/div><\/div><div id='av_section_4'  class='avia-section av-av_section-2dcb3d115e2e5af9a73072e0505910f8 main_color avia-section-default avia-no-border-styling  avia-builder-el-14  el_after_av_section  avia-builder-el-last  avia-bg-style-scroll container_wrap fullsize'  ><div class='container av-section-cont-open' ><div class='template-page content  av-content-full alpha units'><div class='post-entry post-entry-type-page post-entry-467'><div class='entry-content-wrapper clearfix'>\n<div class='flex_column_table av-av_one_half-1ca22399d877b927d873af939ca1b3bf sc-av_one_half av-equal-height-column-flextable'><div  class='flex_column av-av_one_half-1ca22399d877b927d873af939ca1b3bf av_one_half  avia-builder-el-15  el_before_av_one_half  avia-builder-el-first  first flex_column_table_cell av-equal-height-column av-align-middle  '     ><style type=\"text\/css\" data-created_by=\"avia_inline_auto\" id=\"style-css-av-av_image-4cbb6ab93683fbe316c12bc5848f7df6\">\n.avia-image-container.av-av_image-4cbb6ab93683fbe316c12bc5848f7df6 img.avia_image{\nbox-shadow:none;\n}\n.avia-image-container.av-av_image-4cbb6ab93683fbe316c12bc5848f7df6 .av-image-caption-overlay-center{\ncolor:#ffffff;\n}\n<\/style>\n<div  class='avia-image-container av-av_image-4cbb6ab93683fbe316c12bc5848f7df6 av-styling- av-img-linked avia-align-left  avia-builder-el-16  avia-builder-el-no-sibling '   itemprop=\"image\" itemscope=\"itemscope\" itemtype=\"https:\/\/schema.org\/ImageObject\" ><div class=\"avia-image-container-inner\"><div class=\"avia-image-overlay-wrap\"><a href=\"http:\/\/www.donauwoerth.de\/digitale-broschuere\" class='avia_image '  target=\"_blank\"  rel=\"noopener noreferrer\" ><img decoding=\"async\" fetchpriority=\"high\" class='wp-image-365 avia-img-lazy-loading-not-365 avia_image ' src=\"https:\/\/hotel-im-ried.de\/wp-content\/uploads\/2022\/04\/Donauwoerth_digitale-Broschuere_Cover.png\" alt='' title=''  height=\"922\" width=\"646\"  itemprop=\"thumbnailUrl\" srcset=\"https:\/\/hotel-im-ried.de\/wp-content\/uploads\/2022\/04\/Donauwoerth_digitale-Broschuere_Cover.png 646w, https:\/\/hotel-im-ried.de\/wp-content\/uploads\/2022\/04\/Donauwoerth_digitale-Broschuere_Cover-210x300.png 210w, https:\/\/hotel-im-ried.de\/wp-content\/uploads\/2022\/04\/Donauwoerth_digitale-Broschuere_Cover-494x705.png 494w\" sizes=\"(max-width: 646px) 100vw, 646px\" \/><\/a><\/div><\/div><\/div><\/div><div class='av-flex-placeholder'><\/div><div  class='flex_column av-av_one_half-d06667205e6186ec8414c6eb7605d406 av_one_half  avia-builder-el-17  el_after_av_one_half  avia-builder-el-last  flex_column_table_cell av-equal-height-column av-align-middle  '     ><p>\n<style type=\"text\/css\" data-created_by=\"avia_inline_auto\" id=\"style-css-av-av_heading-32812cda1b90fda09a53179c2e1636a2\">\n#top .av-special-heading.av-av_heading-32812cda1b90fda09a53179c2e1636a2{\npadding-bottom:10px;\n}\nbody .av-special-heading.av-av_heading-32812cda1b90fda09a53179c2e1636a2 .av-special-heading-tag .heading-char{\nfont-size:25px;\n}\n.av-special-heading.av-av_heading-32812cda1b90fda09a53179c2e1636a2 .av-subheading{\nfont-size:15px;\n}\n<\/style>\n<div  class='av-special-heading av-av_heading-32812cda1b90fda09a53179c2e1636a2 av-special-heading-h2 blockquote modern-quote  avia-builder-el-18  el_before_av_textblock  avia-builder-el-first '><div class='av-subheading av-subheading_above'><p>Large district town<\/p>\n<\/div><h2 class='av-special-heading-tag '  itemprop=\"headline\"  >Donauw\u00f6rth<\/h2><div class=\"special-heading-border\"><div class=\"special-heading-inner-border\"><\/div><\/div><\/div><br \/>\n<section  class='av_textblock_section av-av_textblock-7a1af7d8f9790576b1769c0a9f0449ed '   itemscope=\"itemscope\" itemtype=\"https:\/\/schema.org\/CreativeWork\" ><div class='avia_textblock'  itemprop=\"text\" ><p>Bavarian-Swabian Pearl of the Danube on the Romantic Road<\/p>\n<\/div><\/section><br \/>\n<div  class='avia-button-wrap av-av_button-ae89a5912f770d4b596faf8d36a2eb9d-wrap avia-button-left  avia-builder-el-20  el_after_av_textblock  avia-builder-el-last '><a href='http:\/\/www.donauwoerth.de\/digitale-broschuere'  class='avia-button av-av_button-ae89a5912f770d4b596faf8d36a2eb9d av-link-btn avia-icon_select-no avia-size-small avia-position-left avia-color-theme-color'  target=\"_blank\"  rel=\"noopener noreferrer\"  aria-label=\"&quot;Digital Brochure&quot; of Donauw\u00f6rth\"><span class='avia_iconbox_title' >\"Digital Brochure\" of Donauw\u00f6rth<\/span><\/a><\/div><\/p><\/div><\/div><!--close column table wrapper. Autoclose: 1 -->\n\n","protected":false},"excerpt":{"rendered":"","protected":false},"author":1,"featured_media":0,"parent":0,"menu_order":0,"comment_status":"closed","ping_status":"closed","template":"","meta":{"_acf_changed":false,"footnotes":""},"class_list":["post-467","page","type-page","status-publish","hentry"],"acf":[],"yoast_head":"<!-- This site is optimized with the Yoast SEO plugin v27.5 - https:\/\/yoast.com\/product\/yoast-seo-wordpress\/ -->\n<title>Hotel in Donauw\u00f6rth |\u00a0Hotel im Ried | Mitten in der Altstadt<\/title>\n<meta name=\"description\" content=\"Hotel im Ried Donauw\u00f6rth. Familiengef\u00fchrtes Hotel in sch\u00f6ner Lage mitten in der Donauw\u00f6rther Altstadt mit modernen Zimmern und free WiFi WLAN\" \/>\n<meta name=\"robots\" content=\"index, follow, max-snippet:-1, max-image-preview:large, max-video-preview:-1\" \/>\n<link rel=\"canonical\" href=\"https:\/\/hotel-im-ried.de\/en\/\" \/>\n<meta property=\"og:locale\" content=\"en_US\" \/>\n<meta property=\"og:type\" content=\"article\" \/>\n<meta property=\"og:title\" content=\"Hotel in Donauw\u00f6rth |\u00a0Hotel im Ried | Mitten in der Altstadt\" \/>\n<meta property=\"og:description\" content=\"Hotel im Ried Donauw\u00f6rth. Familiengef\u00fchrtes Hotel in sch\u00f6ner Lage mitten in der Donauw\u00f6rther Altstadt mit modernen Zimmern und free WiFi WLAN\" \/>\n<meta property=\"og:url\" content=\"https:\/\/hotel-im-ried.de\/en\/\" \/>\n<meta property=\"og:site_name\" content=\"Hotel im Ried Donauw\u00f6rth\" \/>\n<meta property=\"article:modified_time\" content=\"2026-01-12T07:49:30+00:00\" \/>\n<meta name=\"twitter:card\" content=\"summary_large_image\" \/>\n<meta name=\"twitter:label1\" content=\"Est. reading time\" \/>\n\t<meta name=\"twitter:data1\" content=\"3 minutes\" \/>\n<script type=\"application\/ld+json\" class=\"yoast-schema-graph\">{\"@context\":\"https:\\\/\\\/schema.org\",\"@graph\":[{\"@type\":\"WebPage\",\"@id\":\"https:\\\/\\\/hotel-im-ried.de\\\/en\\\/\",\"url\":\"https:\\\/\\\/hotel-im-ried.de\\\/en\\\/\",\"name\":\"Hotel in Donauw\u00f6rth |\u00a0Hotel im Ried | Mitten in der Altstadt\",\"isPartOf\":{\"@id\":\"https:\\\/\\\/hotel-im-ried.de\\\/en\\\/#website\"},\"datePublished\":\"2019-12-17T13:59:01+00:00\",\"dateModified\":\"2026-01-12T07:49:30+00:00\",\"description\":\"Hotel im Ried Donauw\u00f6rth. Familiengef\u00fchrtes Hotel in sch\u00f6ner Lage mitten in der Donauw\u00f6rther Altstadt mit modernen Zimmern und free WiFi WLAN\",\"breadcrumb\":{\"@id\":\"https:\\\/\\\/hotel-im-ried.de\\\/en\\\/#breadcrumb\"},\"inLanguage\":\"en-US\",\"potentialAction\":[{\"@type\":\"ReadAction\",\"target\":[\"https:\\\/\\\/hotel-im-ried.de\\\/en\\\/\"]}]},{\"@type\":\"BreadcrumbList\",\"@id\":\"https:\\\/\\\/hotel-im-ried.de\\\/en\\\/#breadcrumb\",\"itemListElement\":[{\"@type\":\"ListItem\",\"position\":1,\"name\":\"Startseite\",\"item\":\"https:\\\/\\\/hotel-im-ried.de\\\/en\\\/home\\\/\"},{\"@type\":\"ListItem\",\"position\":2,\"name\":\"Home\"}]},{\"@type\":\"WebSite\",\"@id\":\"https:\\\/\\\/hotel-im-ried.de\\\/en\\\/#website\",\"url\":\"https:\\\/\\\/hotel-im-ried.de\\\/en\\\/\",\"name\":\"Hotel im Ried Donauw\u00f6rth\",\"description\":\"\",\"publisher\":{\"@id\":\"https:\\\/\\\/hotel-im-ried.de\\\/en\\\/#organization\"},\"potentialAction\":[{\"@type\":\"SearchAction\",\"target\":{\"@type\":\"EntryPoint\",\"urlTemplate\":\"https:\\\/\\\/hotel-im-ried.de\\\/en\\\/?s={search_term_string}\"},\"query-input\":{\"@type\":\"PropertyValueSpecification\",\"valueRequired\":true,\"valueName\":\"search_term_string\"}}],\"inLanguage\":\"en-US\"},{\"@type\":\"Organization\",\"@id\":\"https:\\\/\\\/hotel-im-ried.de\\\/en\\\/#organization\",\"name\":\"Hotel im Ried\",\"url\":\"https:\\\/\\\/hotel-im-ried.de\\\/en\\\/\",\"logo\":{\"@type\":\"ImageObject\",\"inLanguage\":\"en-US\",\"@id\":\"https:\\\/\\\/hotel-im-ried.de\\\/en\\\/#\\\/schema\\\/logo\\\/image\\\/\",\"url\":\"https:\\\/\\\/hotel-im-ried.de\\\/wp-content\\\/uploads\\\/2019\\\/12\\\/logo.jpg\",\"contentUrl\":\"https:\\\/\\\/hotel-im-ried.de\\\/wp-content\\\/uploads\\\/2019\\\/12\\\/logo.jpg\",\"width\":309,\"height\":146,\"caption\":\"Hotel im Ried\"},\"image\":{\"@id\":\"https:\\\/\\\/hotel-im-ried.de\\\/en\\\/#\\\/schema\\\/logo\\\/image\\\/\"}}]}<\/script>\n<!-- \/ Yoast SEO plugin. -->","yoast_head_json":{"title":"Hotel in Donauw\u00f6rth |\u00a0Hotel im Ried | Mitten in der Altstadt","description":"Hotel im Ried Donauw\u00f6rth. Familiengef\u00fchrtes Hotel in sch\u00f6ner Lage mitten in der Donauw\u00f6rther Altstadt mit modernen Zimmern und free WiFi WLAN","robots":{"index":"index","follow":"follow","max-snippet":"max-snippet:-1","max-image-preview":"max-image-preview:large","max-video-preview":"max-video-preview:-1"},"canonical":"https:\/\/hotel-im-ried.de\/en\/","og_locale":"en_US","og_type":"article","og_title":"Hotel in Donauw\u00f6rth |\u00a0Hotel im Ried | Mitten in der Altstadt","og_description":"Hotel im Ried Donauw\u00f6rth. Familiengef\u00fchrtes Hotel in sch\u00f6ner Lage mitten in der Donauw\u00f6rther Altstadt mit modernen Zimmern und free WiFi WLAN","og_url":"https:\/\/hotel-im-ried.de\/en\/","og_site_name":"Hotel im Ried Donauw\u00f6rth","article_modified_time":"2026-01-12T07:49:30+00:00","twitter_card":"summary_large_image","twitter_misc":{"Est. reading time":"3 minutes"},"schema":{"@context":"https:\/\/schema.org","@graph":[{"@type":"WebPage","@id":"https:\/\/hotel-im-ried.de\/en\/","url":"https:\/\/hotel-im-ried.de\/en\/","name":"Hotel in Donauw\u00f6rth |\u00a0Hotel im Ried | Mitten in der Altstadt","isPartOf":{"@id":"https:\/\/hotel-im-ried.de\/en\/#website"},"datePublished":"2019-12-17T13:59:01+00:00","dateModified":"2026-01-12T07:49:30+00:00","description":"Hotel im Ried Donauw\u00f6rth. Familiengef\u00fchrtes Hotel in sch\u00f6ner Lage mitten in der Donauw\u00f6rther Altstadt mit modernen Zimmern und free WiFi WLAN","breadcrumb":{"@id":"https:\/\/hotel-im-ried.de\/en\/#breadcrumb"},"inLanguage":"en-US","potentialAction":[{"@type":"ReadAction","target":["https:\/\/hotel-im-ried.de\/en\/"]}]},{"@type":"BreadcrumbList","@id":"https:\/\/hotel-im-ried.de\/en\/#breadcrumb","itemListElement":[{"@type":"ListItem","position":1,"name":"Startseite","item":"https:\/\/hotel-im-ried.de\/en\/home\/"},{"@type":"ListItem","position":2,"name":"Home"}]},{"@type":"WebSite","@id":"https:\/\/hotel-im-ried.de\/en\/#website","url":"https:\/\/hotel-im-ried.de\/en\/","name":"Hotel im Ried Donauw\u00f6rth","description":"","publisher":{"@id":"https:\/\/hotel-im-ried.de\/en\/#organization"},"potentialAction":[{"@type":"SearchAction","target":{"@type":"EntryPoint","urlTemplate":"https:\/\/hotel-im-ried.de\/en\/?s={search_term_string}"},"query-input":{"@type":"PropertyValueSpecification","valueRequired":true,"valueName":"search_term_string"}}],"inLanguage":"en-US"},{"@type":"Organization","@id":"https:\/\/hotel-im-ried.de\/en\/#organization","name":"Hotel im Ried","url":"https:\/\/hotel-im-ried.de\/en\/","logo":{"@type":"ImageObject","inLanguage":"en-US","@id":"https:\/\/hotel-im-ried.de\/en\/#\/schema\/logo\/image\/","url":"https:\/\/hotel-im-ried.de\/wp-content\/uploads\/2019\/12\/logo.jpg","contentUrl":"https:\/\/hotel-im-ried.de\/wp-content\/uploads\/2019\/12\/logo.jpg","width":309,"height":146,"caption":"Hotel im Ried"},"image":{"@id":"https:\/\/hotel-im-ried.de\/en\/#\/schema\/logo\/image\/"}}]}},"_links":{"self":[{"href":"https:\/\/hotel-im-ried.de\/en\/wp-json\/wp\/v2\/pages\/467","targetHints":{"allow":["GET"]}}],"collection":[{"href":"https:\/\/hotel-im-ried.de\/en\/wp-json\/wp\/v2\/pages"}],"about":[{"href":"https:\/\/hotel-im-ried.de\/en\/wp-json\/wp\/v2\/types\/page"}],"author":[{"embeddable":true,"href":"https:\/\/hotel-im-ried.de\/en\/wp-json\/wp\/v2\/users\/1"}],"replies":[{"embeddable":true,"href":"https:\/\/hotel-im-ried.de\/en\/wp-json\/wp\/v2\/comments?post=467"}],"version-history":[{"count":5,"href":"https:\/\/hotel-im-ried.de\/en\/wp-json\/wp\/v2\/pages\/467\/revisions"}],"predecessor-version":[{"id":480,"href":"https:\/\/hotel-im-ried.de\/en\/wp-json\/wp\/v2\/pages\/467\/revisions\/480"}],"wp:attachment":[{"href":"https:\/\/hotel-im-ried.de\/en\/wp-json\/wp\/v2\/media?parent=467"}],"curies":[{"name":"wp","href":"https:\/\/api.w.org\/{rel}","templated":true}]}}